{"id":10182,"date":"2026-09-04T11:03:33","date_gmt":"2026-09-04T11:03:33","guid":{"rendered":"https:\/\/cabinet-frayre.com\/el-equipo\/lauralee-ferrio\/"},"modified":"2026-09-04T15:54:33","modified_gmt":"2026-09-04T15:54:33","slug":"lauralee-ferrio","status":"publish","type":"page","link":"https:\/\/cabinet-frayre.com\/es\/el-equipo\/lauralee-ferrio\/","title":{"rendered":"Lauralee FERRIO"},"content":{"rendered":"\t\t<div data-elementor-type=\"wp-page\" data-elementor-id=\"10182\" class=\"elementor elementor-10182 elementor-10170\">\n\t\t\t\t<div class=\"elementor-element elementor-element-701caa4 e-flex e-con-boxed e-con e-parent\" data-id=\"701caa4\" data-element_type=\"container\" data-e-type=\"container\">\n\t\t\t\t\t<div class=\"e-con-inner\">\n\t\t\r\n\t\t<div class=\"elementor-element elementor-element-4d3455c elementor-widget elementor-widget-ensafteaminfo\" data-id=\"4d3455c\" data-element_type=\"widget\" data-e-type=\"widget\" data-widget_type=\"ensafteaminfo.default\">\n\t\t\t\t<div class=\"elementor-widget-container\">\n\t\t\t\t\t<div class=\"team-details\"><div class=\"row\"><div class=\"col-xl-5\"><div class=\"mb-40 mb-xl-0\"><img decoding=\"async\" src=\"https:\/\/cabinet-frayre.com\/wp-content\/uploads\/2026\/09\/ferrio-lauralee-6a9a9c1069986.webp\" alt=\"ferrio lauralee 6a9a9c1069986\"  class=\"w-100\" \/><\/div><\/div><div class=\"col-xl-7 ps-3 ps-xl-5 align-self-center\"><div class=\"team-about\"><div class=\"team-wrapp\"><div class=\"top-wrap\"><div class=\"title-wrap\"><h3 class=\"team-about_title\">Lauralee FERRIO<\/h3><p class=\"team-about_desig\">Asistente jur\u00eddica y de normativa<\/p><\/div><div class=\"th-social\"><a  rel=\"nofollow\" href=\"https:\/\/cabinet-frayre.com\/es\/contacto\/\"><i aria-hidden=\"true\" class=\"far fa-envelope\"><\/i><\/a> <\/div><\/div><p class=\"team-about_text\">Titular de un BTS en Notariado, una Licenciatura profesional en Notariado y el Diploma de Profesiones del Notariado, Lauralee ha ejercido durante seis a\u00f1os como asistente notarial, especialmente en el \u00e1mbito del derecho de familia. Siempre interesada por la genealog\u00eda, deseaba poner su experiencia notarial al servicio de esta actividad y, por ello, se incorpor\u00f3 al Cabinet Frayre &amp; Associ\u00e9s como asistente jur\u00eddica y regulatoria. Su experiencia en el \u00e1mbito jur\u00eddico, su rigor y su curiosidad le permiten hoy en d\u00eda contribuir al seguimiento y la tramitaci\u00f3n de los expedientes de genealog\u00eda sucesoria.<\/p><\/div><div class=\"about-info-wrap\"><div class=\"about-info\"><div class=\"about-info_icon\"><i class=\"fas fa-phone\"><\/i><\/div><div class=\"about-info_content\"><p class=\"about-info_subtitle\">Tel\u00e9fono<\/p><h6 class=\"about-info_title\"><a href=\"tel:+37797770477\">(+377) 97 77 04 77<\/a><\/h6><\/div><\/div><div class=\"about-info\"><div class=\"about-info_icon\"><i class=\"fa-solid fa-map-marker\"><\/i><\/div><div class=\"about-info_content\"><p class=\"about-info_subtitle\">Ubicaci\u00f3n<\/p><h6 class=\"about-info_title\"><a href=\"https:\/\/cabinet-frayre.com\/es\/contacto\/\">Monaco<\/a><\/h6><\/div><\/div><\/div><a href=\"https:\/\/cabinet-frayre.com\/es\/contacto\/\" class=\"th-btn style2 th_btn\">contacto<i class=\"fa-regular fa-arrow-right-long\"><\/i><\/a><\/div><\/div><\/div><\/div>\t\t\t\t<\/div>\n\t\t\t\t<\/div>\n\t\t\t\t\t<\/div>\n\t\t\t\t<\/div>\n\t\t\t\t<\/div>\n\t\t","protected":false},"excerpt":{"rendered":"<p>Lauralee FERRIO Asistente jur\u00eddica y de normativa Titular de un BTS en Notariado, una Licenciatura profesional en Notariado y el Diploma de Profesiones del Notariado, Lauralee ha ejercido durante seis a\u00f1os como asistente notarial, especialmente en el \u00e1mbito del derecho de familia. Siempre interesada por la genealog\u00eda, deseaba poner su experiencia notarial al servicio de&#8230;<\/p>\n","protected":false},"author":1,"featured_media":10181,"parent":8796,"menu_order":8,"comment_status":"closed","ping_status":"closed","template":"elementor_header_footer","meta":{"footnotes":""},"class_list":["post-10182","page","type-page","status-publish","has-post-thumbnail","hentry"],"yoast_head":"<!-- This site is optimized with the Yoast SEO plugin v28.2 - https:\/\/yoast.com\/product\/yoast-seo-wordpress\/ -->\n<title>Lauralee FERRIO : Asistente jur\u00eddica y de normativa | Cabinet Frayre et Associ\u00e9s<\/title>\n<meta name=\"description\" content=\"Lauralee FERRIO : Asistente jur\u00eddica y de normativa CABINET FRAYRE et ASSOCIES\" \/>\n<meta name=\"robots\" content=\"index, follow, max-snippet:-1, max-image-preview:large, max-video-preview:-1\" \/>\n<link rel=\"canonical\" href=\"https:\/\/cabinet-frayre.com\/es\/el-equipo\/lauralee-ferrio\/\" \/>\n<meta property=\"og:locale\" content=\"es_ES\" \/>\n<meta property=\"og:type\" content=\"article\" \/>\n<meta property=\"og:title\" content=\"Lauralee FERRIO : Asistente jur\u00eddica y de normativa | Cabinet Frayre et Associ\u00e9s\" \/>\n<meta property=\"og:description\" content=\"Lauralee FERRIO : Asistente jur\u00eddica y de normativa CABINET FRAYRE et ASSOCIES\" \/>\n<meta property=\"og:url\" content=\"https:\/\/cabinet-frayre.com\/es\/el-equipo\/lauralee-ferrio\/\" \/>\n<meta property=\"og:site_name\" content=\"Cabinet Frayre et Associ\u00e9s\" \/>\n<meta property=\"article:publisher\" content=\"https:\/\/www.facebook.com\/profile.php?id=100054599792739\" \/>\n<meta property=\"article:modified_time\" content=\"2026-09-04T15:54:33+00:00\" \/>\n<meta property=\"og:image\" content=\"https:\/\/cabinet-frayre.com\/wp-content\/uploads\/2026\/09\/ferrio-lauralee-6a9a9c1069986.webp\" \/>\n\t<meta property=\"og:image:width\" content=\"1704\" \/>\n\t<meta property=\"og:image:height\" content=\"2270\" \/>\n\t<meta property=\"og:image:type\" content=\"image\/webp\" \/>\n<meta name=\"twitter:card\" content=\"summary_large_image\" \/>\n<meta name=\"twitter:site\" content=\"@Cabiner_Frayre\" \/>\n<meta name=\"twitter:label1\" content=\"Tiempo de lectura\" \/>\n\t<meta name=\"twitter:data1\" content=\"1 minuto\" \/>\n<script type=\"application\/ld+json\" class=\"yoast-schema-graph\">{\"@context\":\"https:\\\/\\\/schema.org\",\"@graph\":[{\"@type\":[\"WebPage\",\"ProfilePage\"],\"@id\":\"https:\\\/\\\/cabinet-frayre.com\\\/es\\\/el-equipo\\\/lauralee-ferrio\\\/\",\"url\":\"https:\\\/\\\/cabinet-frayre.com\\\/es\\\/el-equipo\\\/lauralee-ferrio\\\/\",\"name\":\"Lauralee FERRIO : Asistente jur\u00eddica y de normativa | Cabinet Frayre et Associ\u00e9s\",\"isPartOf\":{\"@id\":\"https:\\\/\\\/cabinet-frayre.com\\\/es\\\/#website\"},\"primaryImageOfPage\":{\"@id\":\"https:\\\/\\\/cabinet-frayre.com\\\/es\\\/el-equipo\\\/lauralee-ferrio\\\/#primaryimage\"},\"image\":{\"@id\":\"https:\\\/\\\/cabinet-frayre.com\\\/es\\\/el-equipo\\\/lauralee-ferrio\\\/#primaryimage\"},\"thumbnailUrl\":\"https:\\\/\\\/cabinet-frayre.com\\\/wp-content\\\/uploads\\\/2026\\\/09\\\/ferrio-lauralee-6a9a9c1069986.webp\",\"datePublished\":\"2026-09-04T11:03:33+00:00\",\"dateModified\":\"2026-09-04T15:54:33+00:00\",\"description\":\"Lauralee FERRIO : Asistente jur\u00eddica y de normativa CABINET FRAYRE et ASSOCIES\",\"breadcrumb\":{\"@id\":\"https:\\\/\\\/cabinet-frayre.com\\\/es\\\/el-equipo\\\/lauralee-ferrio\\\/#breadcrumb\"},\"inLanguage\":\"es\",\"potentialAction\":[{\"@type\":\"ReadAction\",\"target\":[\"https:\\\/\\\/cabinet-frayre.com\\\/es\\\/el-equipo\\\/lauralee-ferrio\\\/\"]}]},{\"@type\":\"ImageObject\",\"inLanguage\":\"es\",\"@id\":\"https:\\\/\\\/cabinet-frayre.com\\\/es\\\/el-equipo\\\/lauralee-ferrio\\\/#primaryimage\",\"url\":\"https:\\\/\\\/cabinet-frayre.com\\\/wp-content\\\/uploads\\\/2026\\\/09\\\/ferrio-lauralee-6a9a9c1069986.webp\",\"contentUrl\":\"https:\\\/\\\/cabinet-frayre.com\\\/wp-content\\\/uploads\\\/2026\\\/09\\\/ferrio-lauralee-6a9a9c1069986.webp\",\"width\":1704,\"height\":2270},{\"@type\":\"BreadcrumbList\",\"@id\":\"https:\\\/\\\/cabinet-frayre.com\\\/es\\\/el-equipo\\\/lauralee-ferrio\\\/#breadcrumb\",\"itemListElement\":[{\"@type\":\"ListItem\",\"position\":1,\"name\":\"Home\",\"item\":\"https:\\\/\\\/cabinet-frayre.com\\\/es\\\/\"},{\"@type\":\"ListItem\",\"position\":2,\"name\":\"El equipo\",\"item\":\"https:\\\/\\\/cabinet-frayre.com\\\/es\\\/el-equipo\\\/\"},{\"@type\":\"ListItem\",\"position\":3,\"name\":\"Lauralee FERRIO\"}]},{\"@type\":\"WebSite\",\"@id\":\"https:\\\/\\\/cabinet-frayre.com\\\/es\\\/#website\",\"url\":\"https:\\\/\\\/cabinet-frayre.com\\\/es\\\/\",\"name\":\"Cabinet Frayre et Associ\u00e9s\",\"description\":\"G\u00e9n\u00e9alogiste successoral et recherche d&#039;h\u00e9ritiers\",\"publisher\":{\"@id\":\"https:\\\/\\\/cabinet-frayre.com\\\/es\\\/#organization\"},\"potentialAction\":[{\"@type\":\"SearchAction\",\"target\":{\"@type\":\"EntryPoint\",\"urlTemplate\":\"https:\\\/\\\/cabinet-frayre.com\\\/es\\\/?s={search_term_string}\"},\"query-input\":{\"@type\":\"PropertyValueSpecification\",\"valueRequired\":true,\"valueName\":\"search_term_string\"}}],\"inLanguage\":\"es\"},{\"@type\":\"Organization\",\"@id\":\"https:\\\/\\\/cabinet-frayre.com\\\/es\\\/#organization\",\"name\":\"Cabinet Frayre et Associ\u00e9s\",\"url\":\"https:\\\/\\\/cabinet-frayre.com\\\/es\\\/\",\"logo\":{\"@type\":\"ImageObject\",\"inLanguage\":\"es\",\"@id\":\"https:\\\/\\\/cabinet-frayre.com\\\/es\\\/#\\\/schema\\\/logo\\\/image\\\/\",\"url\":\"https:\\\/\\\/cabinet-frayre.com\\\/wp-content\\\/uploads\\\/2026\\\/01\\\/cropped-Cabinet_Frayre_Associes.FAVICON.png\",\"contentUrl\":\"https:\\\/\\\/cabinet-frayre.com\\\/wp-content\\\/uploads\\\/2026\\\/01\\\/cropped-Cabinet_Frayre_Associes.FAVICON.png\",\"width\":512,\"height\":512,\"caption\":\"Cabinet Frayre et Associ\u00e9s\"},\"image\":{\"@id\":\"https:\\\/\\\/cabinet-frayre.com\\\/es\\\/#\\\/schema\\\/logo\\\/image\\\/\"},\"sameAs\":[\"https:\\\/\\\/www.facebook.com\\\/profile.php?id=100054599792739\",\"https:\\\/\\\/x.com\\\/Cabiner_Frayre\",\"https:\\\/\\\/www.linkedin.com\\\/company\\\/cabinet-frayre-&-associ\u00e9s\\\/\"],\"mainEntityOfPage\":{\"@id\":\"https:\\\/\\\/cabinet-frayre.com\\\/es\\\/el-equipo\\\/lauralee-ferrio\\\/\"}}]}<\/script>\n<!-- \/ Yoast SEO plugin. -->","yoast_head_json":{"title":"Lauralee FERRIO : Asistente jur\u00eddica y de normativa | Cabinet Frayre et Associ\u00e9s","description":"Lauralee FERRIO : Asistente jur\u00eddica y de normativa CABINET FRAYRE et ASSOCIES","robots":{"index":"index","follow":"follow","max-snippet":"max-snippet:-1","max-image-preview":"max-image-preview:large","max-video-preview":"max-video-preview:-1"},"canonical":"https:\/\/cabinet-frayre.com\/es\/el-equipo\/lauralee-ferrio\/","og_locale":"es_ES","og_type":"article","og_title":"Lauralee FERRIO : Asistente jur\u00eddica y de normativa | Cabinet Frayre et Associ\u00e9s","og_description":"Lauralee FERRIO : Asistente jur\u00eddica y de normativa CABINET FRAYRE et ASSOCIES","og_url":"https:\/\/cabinet-frayre.com\/es\/el-equipo\/lauralee-ferrio\/","og_site_name":"Cabinet Frayre et Associ\u00e9s","article_publisher":"https:\/\/www.facebook.com\/profile.php?id=100054599792739","article_modified_time":"2026-09-04T15:54:33+00:00","og_image":[{"width":1704,"height":2270,"url":"https:\/\/cabinet-frayre.com\/wp-content\/uploads\/2026\/09\/ferrio-lauralee-6a9a9c1069986.webp","type":"image\/webp"}],"twitter_card":"summary_large_image","twitter_site":"@Cabiner_Frayre","twitter_misc":{"Tiempo de lectura":"1 minuto"},"schema":{"@context":"https:\/\/schema.org","@graph":[{"@type":["WebPage","ProfilePage"],"@id":"https:\/\/cabinet-frayre.com\/es\/el-equipo\/lauralee-ferrio\/","url":"https:\/\/cabinet-frayre.com\/es\/el-equipo\/lauralee-ferrio\/","name":"Lauralee FERRIO : Asistente jur\u00eddica y de normativa | Cabinet Frayre et Associ\u00e9s","isPartOf":{"@id":"https:\/\/cabinet-frayre.com\/es\/#website"},"primaryImageOfPage":{"@id":"https:\/\/cabinet-frayre.com\/es\/el-equipo\/lauralee-ferrio\/#primaryimage"},"image":{"@id":"https:\/\/cabinet-frayre.com\/es\/el-equipo\/lauralee-ferrio\/#primaryimage"},"thumbnailUrl":"https:\/\/cabinet-frayre.com\/wp-content\/uploads\/2026\/09\/ferrio-lauralee-6a9a9c1069986.webp","datePublished":"2026-09-04T11:03:33+00:00","dateModified":"2026-09-04T15:54:33+00:00","description":"Lauralee FERRIO : Asistente jur\u00eddica y de normativa CABINET FRAYRE et ASSOCIES","breadcrumb":{"@id":"https:\/\/cabinet-frayre.com\/es\/el-equipo\/lauralee-ferrio\/#breadcrumb"},"inLanguage":"es","potentialAction":[{"@type":"ReadAction","target":["https:\/\/cabinet-frayre.com\/es\/el-equipo\/lauralee-ferrio\/"]}]},{"@type":"ImageObject","inLanguage":"es","@id":"https:\/\/cabinet-frayre.com\/es\/el-equipo\/lauralee-ferrio\/#primaryimage","url":"https:\/\/cabinet-frayre.com\/wp-content\/uploads\/2026\/09\/ferrio-lauralee-6a9a9c1069986.webp","contentUrl":"https:\/\/cabinet-frayre.com\/wp-content\/uploads\/2026\/09\/ferrio-lauralee-6a9a9c1069986.webp","width":1704,"height":2270},{"@type":"BreadcrumbList","@id":"https:\/\/cabinet-frayre.com\/es\/el-equipo\/lauralee-ferrio\/#breadcrumb","itemListElement":[{"@type":"ListItem","position":1,"name":"Home","item":"https:\/\/cabinet-frayre.com\/es\/"},{"@type":"ListItem","position":2,"name":"El equipo","item":"https:\/\/cabinet-frayre.com\/es\/el-equipo\/"},{"@type":"ListItem","position":3,"name":"Lauralee FERRIO"}]},{"@type":"WebSite","@id":"https:\/\/cabinet-frayre.com\/es\/#website","url":"https:\/\/cabinet-frayre.com\/es\/","name":"Cabinet Frayre et Associ\u00e9s","description":"G\u00e9n\u00e9alogiste successoral et recherche d&#039;h\u00e9ritiers","publisher":{"@id":"https:\/\/cabinet-frayre.com\/es\/#organization"},"potentialAction":[{"@type":"SearchAction","target":{"@type":"EntryPoint","urlTemplate":"https:\/\/cabinet-frayre.com\/es\/?s={search_term_string}"},"query-input":{"@type":"PropertyValueSpecification","valueRequired":true,"valueName":"search_term_string"}}],"inLanguage":"es"},{"@type":"Organization","@id":"https:\/\/cabinet-frayre.com\/es\/#organization","name":"Cabinet Frayre et Associ\u00e9s","url":"https:\/\/cabinet-frayre.com\/es\/","logo":{"@type":"ImageObject","inLanguage":"es","@id":"https:\/\/cabinet-frayre.com\/es\/#\/schema\/logo\/image\/","url":"https:\/\/cabinet-frayre.com\/wp-content\/uploads\/2026\/01\/cropped-Cabinet_Frayre_Associes.FAVICON.png","contentUrl":"https:\/\/cabinet-frayre.com\/wp-content\/uploads\/2026\/01\/cropped-Cabinet_Frayre_Associes.FAVICON.png","width":512,"height":512,"caption":"Cabinet Frayre et Associ\u00e9s"},"image":{"@id":"https:\/\/cabinet-frayre.com\/es\/#\/schema\/logo\/image\/"},"sameAs":["https:\/\/www.facebook.com\/profile.php?id=100054599792739","https:\/\/x.com\/Cabiner_Frayre","https:\/\/www.linkedin.com\/company\/cabinet-frayre-&-associ\u00e9s\/"],"mainEntityOfPage":{"@id":"https:\/\/cabinet-frayre.com\/es\/el-equipo\/lauralee-ferrio\/"}}]}},"_links":{"self":[{"href":"https:\/\/cabinet-frayre.com\/es\/wp-json\/wp\/v2\/pages\/10182","targetHints":{"allow":["GET"]}}],"collection":[{"href":"https:\/\/cabinet-frayre.com\/es\/wp-json\/wp\/v2\/pages"}],"about":[{"href":"https:\/\/cabinet-frayre.com\/es\/wp-json\/wp\/v2\/types\/page"}],"author":[{"embeddable":true,"href":"https:\/\/cabinet-frayre.com\/es\/wp-json\/wp\/v2\/users\/1"}],"replies":[{"embeddable":true,"href":"https:\/\/cabinet-frayre.com\/es\/wp-json\/wp\/v2\/comments?post=10182"}],"version-history":[{"count":10,"href":"https:\/\/cabinet-frayre.com\/es\/wp-json\/wp\/v2\/pages\/10182\/revisions"}],"predecessor-version":[{"id":10309,"href":"https:\/\/cabinet-frayre.com\/es\/wp-json\/wp\/v2\/pages\/10182\/revisions\/10309"}],"up":[{"embeddable":true,"href":"https:\/\/cabinet-frayre.com\/es\/wp-json\/wp\/v2\/pages\/8796"}],"wp:featuredmedia":[{"embeddable":true,"href":"https:\/\/cabinet-frayre.com\/es\/wp-json\/wp\/v2\/media\/10181"}],"wp:attachment":[{"href":"https:\/\/cabinet-frayre.com\/es\/wp-json\/wp\/v2\/media?parent=10182"}],"curies":[{"name":"wp","href":"https:\/\/api.w.org\/{rel}","templated":true}]}}